{"id":126,"date":"2018-05-23T23:07:16","date_gmt":"2018-05-23T21:07:16","guid":{"rendered":"https:\/\/meandsarah.net\/wordpress\/?page_id=126"},"modified":"2020-09-17T10:48:57","modified_gmt":"2020-09-17T08:48:57","slug":"datenschutzerklaerung","status":"publish","type":"page","link":"https:\/\/meandsarah.net\/wordpress\/datenschutzerklaerung\/","title":{"rendered":"Datenschutzerkl\u00e4rung"},"content":{"rendered":"<h2>Wer wir sind<\/h2>\n<p>Die Adresse unserer Website ist: https:\/\/meandsarah.net\/wordpress.<\/p>\n<h2>Welche personenbezogenen Daten wir sammeln und warum wir sie sammeln<\/h2>\n<h3>Kommentare<\/h3>\n<p>Wenn Besucher Kommentare auf der Website schreiben, sammeln wir die Daten, die im Kommentar-Formular angezeigt werden, au\u00dferdem die IP-Adresse des Besuchers und den User-Agent-String (damit wird der Browser identifiziert), um die Erkennung von Spam zu unterst\u00fctzen.<\/p>\n<p>Aus deiner E-Mail-Adresse kann eine anonymisierte Zeichenfolge erstellt (auch Hash genannt) und dem Gravatar-Dienst \u00fcbergeben werden, um zu pr\u00fcfen, ob du diesen benutzt. Die Datenschutzerkl\u00e4rung des Gravatar-Dienstes findest du hier: https:\/\/automattic.com\/privacy\/. Nachdem dein Kommentar freigegeben wurde, ist dein Profilbild \u00f6ffentlich im Kontext deines Kommentars sichtbar.<\/p>\n<h3>Medien<\/h3>\n<p>Wenn du ein registrierter Benutzer bist und Fotos auf diese Website l\u00e4dst, solltest du vermeiden, Fotos mit einem EXIF-GPS-Standort hochzuladen. Besucher dieser Website k\u00f6nnten Fotos, die auf dieser Website gespeichert sind, herunterladen und deren Standort-Informationen extrahieren.<\/p>\n<h3>Kontaktformulare<\/h3>\n<h3>Cookies<\/h3>\n<p>Wenn du einen Kommentar auf unserer Website schreibst, kann das eine Einwilligung sein, deinen Namen, E-Mail-Adresse und Website in Cookies zu speichern. Dies ist eine Komfortfunktion, damit du nicht, wenn du einen weiteren Kommentar schreibst, all diese Daten erneut eingeben musst. Diese Cookies werden ein Jahr lang gespeichert.<\/p>\n<p>Falls du ein Konto hast und dich auf dieser Website anmeldest, werden wir ein tempor\u00e4res Cookie setzen, um festzustellen, ob dein Browser Cookies akzeptiert. Dieses Cookie enth\u00e4lt keine personenbezogenen Daten und wird verworfen, wenn du deinen Browser schlie\u00dft.<\/p>\n<p>Wenn du dich anmeldest, werden wir einige Cookies einrichten, um deine Anmeldeinformationen und Anzeigeoptionen zu speichern. Anmelde-Cookies verfallen nach zwei Tagen und Cookies f\u00fcr die Anzeigeoptionen nach einem Jahr. Falls du bei der Anmeldung \u201eAngemeldet bleiben\u201c ausw\u00e4hlst, wird deine Anmeldung zwei Wochen lang aufrechterhalten. Mit der Abmeldung aus deinem Konto werden die Anmelde-Cookies gel\u00f6scht.<\/p>\n<p>Wenn du einen Artikel bearbeitest oder ver\u00f6ffentlichst, wird ein zus\u00e4tzlicher Cookie in deinem Browser gespeichert. Dieser Cookie enth\u00e4lt keine personenbezogenen Daten und verweist nur auf die Beitrags-ID des Artikels, den du gerade bearbeitet hast. Der Cookie verf\u00e4llt nach einem Tag.<\/p>\n<h3>Eingebettete Inhalte von anderen Websites<\/h3>\n<p>Beitr\u00e4ge auf dieser Website k\u00f6nnen eingebettete Inhalte beinhalten (z.&nbsp;B. Videos, Bilder, Beitr\u00e4ge etc.). Eingebettete Inhalte von anderen Websites verhalten sich exakt so, als ob der Besucher die andere Website besucht h\u00e4tte.<\/p>\n<p>Diese Websites k\u00f6nnen Daten \u00fcber dich sammeln, Cookies benutzen, zus\u00e4tzliche Tracking-Dienste von Dritten einbetten und deine Interaktion mit diesem eingebetteten Inhalt aufzeichnen, inklusive deiner Interaktion mit dem eingebetteten Inhalt, falls du ein Konto hast und auf dieser Website angemeldet bist.<\/p>\n<h3>Analysedienste<\/h3>\n<h2>Mit wem wir deine Daten teilen<\/h2>\n<h2>Wie lange wir deine Daten speichern<\/h2>\n<p>Wenn du einen Kommentar schreibst, wird dieser inklusive Metadaten zeitlich unbegrenzt gespeichert. Auf diese Art k\u00f6nnen wir Folgekommentare automatisch erkennen und freigeben, anstelle sie in einer Moderations-Warteschlange festzuhalten.<\/p>\n<p>F\u00fcr Benutzer, die sich auf unserer Website registrieren, speichern wir zus\u00e4tzlich die pers\u00f6nlichen Informationen, die sie in ihren Benutzerprofilen angeben. Alle Benutzer k\u00f6nnen jederzeit ihre pers\u00f6nlichen Informationen einsehen, ver\u00e4ndern oder l\u00f6schen (der Benutzername kann nicht ver\u00e4ndert werden). Administratoren der Website k\u00f6nnen diese Informationen ebenfalls einsehen und ver\u00e4ndern.<\/p>\n<h2>Welche Rechte du an deinen Daten hast<\/h2>\n<p>Wenn du ein Konto auf dieser Website besitzt oder Kommentare geschrieben hast, kannst du einen Export deiner personenbezogenen Daten bei uns anfordern, inklusive aller Daten, die du uns mitgeteilt hast. Dar\u00fcber hinaus kannst du die L\u00f6schung aller personenbezogenen Daten, die wir von dir gespeichert haben, anfordern. Dies umfasst nicht die Daten, die wir aufgrund administrativer, rechtlicher oder sicherheitsrelevanter Notwendigkeiten aufbewahren m\u00fcssen.<\/p>\n<h2>Wohin wir deine Daten senden<\/h2>\n<p>Besucher-Kommentare k\u00f6nnten von einem automatisierten Dienst zur Spam-Erkennung untersucht werden.<\/p>\n<h2>Deine Kontakt-Informationen<\/h2>\n<h2>Weitere Informationen<\/h2>\n<h3>Wie wir deine Daten sch\u00fctzen<\/h3>\n<h3>Welche Ma\u00dfnahmen wir bei Datenschutzverletzungen anbieten<\/h3>\n<h3>Von welchen Drittanbietern wir Daten erhalten<\/h3>\n<h3>Welche automatisierte Entscheidungsfindung und\/oder Profilerstellung wir mit Benutzerdaten durchf\u00fchren<\/h3>\n<h3>Industrielle aufsichtsrechtliche Regulierungsanforderungen<\/h3>\n","protected":false},"excerpt":{"rendered":"<p>Wer wir sind Die Adresse unserer Website ist: https:\/\/meandsarah.net\/wordpress. Welche personenbezogenen Daten wir sammeln und warum wir sie sammeln Kommentare Wenn Besucher Kommentare auf der Website schreiben, sammeln wir die Daten, die im Kommentar-Formular angezeigt werden, au\u00dferdem die IP-Adresse des Besuchers und den User-Agent-String (damit wird der Browser identifiziert), um die Erkennung von Spam zu [&hellip;]<\/p>\n","protected":false},"author":1,"featured_media":0,"parent":0,"menu_order":0,"comment_status":"closed","ping_status":"closed","template":"","meta":[],"class_list":["post-126","page","type-page","status-publish","hentry"],"grid":"{\r\n  \"colCount\": \"12\",\r\n  \"colGutter\": 1,\r\n  \"rowGutters\": [\r\n    4,\r\n    2,\r\n    1,\r\n    4,\r\n    4,\r\n    2,\r\n    4,\r\n    4,\r\n    4,\r\n    4,\r\n    4,\r\n    4,\r\n    4,\r\n    4,\r\n    4\r\n  ],\r\n  \"rowAttrs\": [\r\n    null,\r\n    null,\r\n    null,\r\n    null,\r\n    null,\r\n    null,\r\n    null,\r\n    null,\r\n    null,\r\n    null,\r\n    null,\r\n    null,\r\n    null,\r\n    null,\r\n    null\r\n  ],\r\n  \"frameMargin\": \"5\",\r\n  \"topFrameMargin\": \"9\",\r\n  \"bottomFrameMargin\": \"5\",\r\n  \"bgColor\": null,\r\n  \"cont\": [\r\n    {\r\n      \"type\": \"text\",\r\n      \"cont\": \"<h1 class=\\\"_headline\\\">Datenschutzerkl\u00e4rung<\/h1>\",\r\n      \"align\": \"bottom\",\r\n      \"row\": 0,\r\n      \"col\": 1,\r\n      \"colspan\": 3,\r\n      \"offsetx\": 0,\r\n      \"offsety\": 0,\r\n      \"spaceabove\": 0,\r\n      \"spacebelow\": 0,\r\n      \"yvel\": 0,\r\n      \"push\": 1\r\n    },\r\n    {\r\n      \"type\": \"text\",\r\n      \"cont\": \"<p class=\\\"_Default\\\" style=\\\"line-height: 1.2;\\\"><span style=\\\"letter-spacing: 0em;\\\"><span style=\\\"font-size: 15px;\\\">Als Betreiber dieser Seiten nehme ich\u00a0den Schutz deiner pers\u00f6nlichen Daten sehr ernst. Ich behandle personenbezogene Daten\u00a0vertraulich und entsprechend der gesetzlichen Datenschutzvorschriften sowie dieser\u00a0Datenschutzerkl\u00e4rung.\u00a0<\/span><span style=\\\"font-size: 15px;\\\">Die Nutzung meiner Website ist in der Regel ohne Angabe\u00a0personenbezogener Daten m\u00f6glich. Soweit dennoch personenbezogene Daten wie\u00a0Name, Anschrift oder E-Mail-Adressen erhoben werden, erfolgt dies, soweit\u00a0m\u00f6glich, stets auf freiwilliger Basis. Diese Daten werden ohne deine ausdr\u00fcckliche Zustimmung\u00a0nicht an Dritte weitergegeben.<br \/><\/span><span style=\\\"font-size: 15px;\\\">Die Verarbeitung personenbezogener Daten erfolgt stets im Einklang mit der Datenschutz-Grundverordnung und in \u00dcbereinstimmung mit den f\u00fcr mein Unternehmen geltenden landesspezifischen Datenschutzbestimmungen.<\/span><span style=\\\"font-size: 15px;\\\">Mittels dieser Datenschutzerkl\u00e4rung m\u00f6chte ich die \u00d6ffentlichkeit \u00fcber Art, Umfang und Zweck der von mir erhobenen, genutzten und verarbeiteten personenbezogenen Daten informieren. Ferner wirst du mittels dieser Datenschutzerkl\u00e4rung \u00fcber deine dir zustehenden Rechte aufgekl\u00e4rt.<\/span><\/span><\/p><p class=\\\"_Default\\\" style=\\\"line-height: 1.2;\\\"><span style=\\\"letter-spacing: 0em;\\\"><span style=\\\"font-size: 15px;\\\">Ich m\u00f6chte dennoch darauf hinweisen, dass die Daten\u00fcbertragung im Internet\u00a0(z.B. bei der Kommunikation per E-Mail) Sicherheitsl\u00fccken aufweisen kann. Ein l\u00fcckenloser\u00a0<\/span><span style=\\\"font-size: 15px;\\\">Schutz der Daten vor dem Zugriff durch Dritte ist nicht m\u00f6glich.<\/span><\/span><\/p>\",\r\n      \"align\": \"bottom\",\r\n      \"row\": 1,\r\n      \"col\": 1,\r\n      \"colspan\": 6,\r\n      \"offsetx\": 0,\r\n      \"offsety\": 0,\r\n      \"spaceabove\": 0,\r\n      \"spacebelow\": 0,\r\n      \"yvel\": 0,\r\n      \"push\": 1\r\n    },\r\n    {\r\n      \"type\": \"text\",\r\n      \"cont\": \"<h1 class=\\\"_headline\\\"><span style=\\\"font-size: 20px;\\\">Name und Anschrift des f\u00fcr die Verarbeitung Verantwortlichen<\/span><\/h1><p class=\\\"_Default\\\" style=\\\"line-height: 1.2;\\\"><span style=\\\"font-size: 15px; letter-spacing: 0em;\\\">Verantwortlicher im Sinne der Datenschutz-Grundverordnung, sonstiger in den Mitgliedstaaten der Europ\u00e4ischen Union geltenden Datenschutzgesetze und anderer Bestimmungen mit datenschutzrechtlichem Charakter ist:<\/span><\/p>\",\r\n      \"align\": \"bottom\",\r\n      \"row\": 2,\r\n      \"col\": 1,\r\n      \"colspan\": 6,\r\n      \"offsetx\": 0,\r\n      \"offsety\": 0,\r\n      \"spaceabove\": 0,\r\n      \"spacebelow\": 0,\r\n      \"yvel\": 0,\r\n      \"push\": 1\r\n    },\r\n    {\r\n      \"type\": \"text\",\r\n      \"cont\": \"<p>\u00a0<img src=\\\"https:\/\/meandsarah.net\/wordpress\/wp-content\/uploads\/2020\/09\/Impressum-768x411.png\\\" width=\\\"250\\\" \/><\/p>\",\r\n      \"align\": \"bottom\",\r\n      \"row\": 3,\r\n      \"col\": 1,\r\n      \"colspan\": 2,\r\n      \"offsetx\": 0,\r\n      \"offsety\": 0,\r\n      \"spaceabove\": 0,\r\n      \"spacebelow\": 0,\r\n      \"yvel\": 0,\r\n      \"push\": 1\r\n    },\r\n    {\r\n      \"type\": \"text\",\r\n      \"cont\": \"<h1 class=\\\"_headline\\\"><span style=\\\"font-size: 20px;\\\">Geltungsbereich<\/span><\/h1><p>Nutzer erhalten mit dieser Datenschutzerkl\u00e4rung Information \u00fcber die Art, den Umfang und Zweck der Erhebung und Verwendung ihrer Daten durch den verantwortlichen Anbieter erhoben und verwendet werden.<br \/>Den rechtlichen Rahmen f\u00fcr den Datenschutz bilden das Bundesdatenschutzgesetz (BDSG) und das Telemediengesetz (TMG).<\/p>\",\r\n      \"align\": \"bottom\",\r\n      \"row\": 4,\r\n      \"col\": 1,\r\n      \"colspan\": 6,\r\n      \"offsetx\": 0,\r\n      \"offsety\": 0,\r\n      \"spaceabove\": 0,\r\n      \"spacebelow\": 0,\r\n      \"yvel\": 0,\r\n      \"push\": 1\r\n    },\r\n    {\r\n      \"type\": \"text\",\r\n      \"cont\": \"<h1 class=\\\"_headline\\\" style=\\\"line-height: 1.2;\\\"><span style=\\\"font-size: 20px;\\\">Begriffsbestimmungen<\/span><\/h1><p style=\\\"line-height: 1.2;\\\"><span style=\\\"font-size: 15px; letter-spacing: 0em;\\\">Diese Datenschutzerkl\u00e4rung beruht auf den Begrifflichkeiten, die durch den Europ\u00e4ischen Richtlinien- und Verordnungsgeber beim Erlass der Datenschutz-Grundverordnung (DS-GVO) verwendet wurden. Sie soll sowohl f\u00fcr die \u00d6ffentlichkeit als auch f\u00fcr meine Kunden und Gesch\u00e4ftspartner einfach lesbar und verst\u00e4ndlich sein. Um dies zu gew\u00e4hrleisten, m\u00f6chte ich vorab die verwendeten Begrifflichkeiten erl\u00e4utern.<\/span><\/p><p style=\\\"line-height: 1.2;\\\"><span style=\\\"font-size: 15px; letter-spacing: 0em;\\\">Ich verwende in dieser Datenschutzerkl\u00e4rung unter anderem die folgenden Begriffe:<\/span><\/p><p style=\\\"line-height: 1.2;\\\"><span style=\\\"font-size: 15px; letter-spacing: 0em;\\\"><strong>Personenbezogene Daten<\/strong><\/span><br \/><span style=\\\"font-size: 15px; letter-spacing: 0em;\\\">Personenbezogene Daten sind alle Informationen, die sich auf eine identifizierte oder identifizierbare nat\u00fcrliche Person (im Folgenden spreche ich dich als \u201ebetroffene Person\u201c direkt an) beziehen. Als identifizierbar wird eine nat\u00fcrliche Person angesehen, die direkt oder indirekt, insbesondere mittels Zuordnung zu einer Kennung wie einem Namen, zu einer Kennnummer, zu Standortdaten, zu einer Online-Kennung oder zu einem oder mehreren besonderen Merkmalen, die Ausdruck der physischen, physiologischen, genetischen, psychischen, wirtschaftlichen, kulturellen oder sozialen Identit\u00e4t dieser nat\u00fcrlichen Person sind, identifiziert werden kann.<\/span><\/p><p style=\\\"line-height: 1.2;\\\"><span style=\\\"font-size: 15px; letter-spacing: 0em;\\\"><strong>Betroffene Person<\/strong><\/span><br \/><span style=\\\"font-size: 15px; letter-spacing: 0em;\\\">Eine betroffene Person (im Folgenden \u201edu\u201c) ist jede identifizierte oder identifizierbare nat\u00fcrliche Person, deren personenbezogene Daten von dem f\u00fcr die Verarbeitung Verantwortlichen verarbeitet werden.<\/span><\/p><p style=\\\"line-height: 1.2;\\\"><span style=\\\"font-size: 15px; letter-spacing: 0em;\\\"><strong>Verarbeitung<\/strong><\/span><br \/><span style=\\\"font-size: 15px; letter-spacing: 0em;\\\">Eine Verarbeitung ist jeder mit oder ohne Hilfe automatisierter Verfahren ausgef\u00fchrte Vorgang oder jede solche Vorgangsreihe im Zusammenhang mit personenbezogenen Daten wie das Erheben, das Erfassen, die Organisation, das Ordnen, die Speicherung, die Anpassung oder Ver\u00e4nderung, das Auslesen, das Abfragen, die Verwendung, die Offenlegung durch \u00dcbermittlung, Verbreitung oder eine andere Form der Bereitstellung, den Abgleich oder die Verkn\u00fcpfung, die Einschr\u00e4nkung, das L\u00f6schen oder die Vernichtung.<\/span><\/p><p style=\\\"line-height: 1.2;\\\"><span style=\\\"font-size: 15px; letter-spacing: 0em;\\\"><strong>Einschr\u00e4nkung der Verarbeitung<\/strong><\/span><br \/><span style=\\\"font-size: 15px; letter-spacing: 0em;\\\">Eine Einschr\u00e4nkung der Verarbeitung ist die Markierung gespeicherter personenbezogener Daten mit dem Ziel, ihre k\u00fcnftige Verarbeitung einzuschr\u00e4nken.<\/span><\/p><p style=\\\"line-height: 1.2;\\\"><span style=\\\"font-size: 15px; letter-spacing: 0em;\\\"><strong>Verantwortlicher oder f\u00fcr die Verarbeitung Verantwortlicher<\/strong><\/span><br \/><span style=\\\"font-size: 15px; letter-spacing: 0em;\\\">Verantwortlicher oder f\u00fcr die Verarbeitung Verantwortlicher ist die nat\u00fcrliche oder juristische Person, Beh\u00f6rde, Einrichtung oder andere Stelle, die allein oder gemeinsam mit anderen \u00fcber die Zwecke und Mittel der Verarbeitung von personenbezogenen Daten entscheidet. Sind die Zwecke und Mittel dieser Verarbeitung durch das Unionsrecht oder das Recht der Mitgliedstaaten vorgegeben, so kann der Verantwortliche beziehungsweise k\u00f6nnen die bestimmten Kriterien seiner Benennung nach dem Unionsrecht oder dem Recht der Mitgliedstaaten vorgesehen werden.<\/span><\/p><p style=\\\"line-height: 1.2;\\\"><span style=\\\"font-size: 15px; letter-spacing: 0em;\\\"><strong>Auftragsverarbeiter<\/strong><\/span><br \/><span style=\\\"font-size: 15px; letter-spacing: 0em;\\\">Ein\u00a0Auftragsverarbeiter ist eine nat\u00fcrliche oder juristische Person, Beh\u00f6rde, Einrichtung oder andere Stelle, die personenbezogene Daten im Auftrag des Verantwortlichen verarbeitet.<\/span><\/p><p style=\\\"line-height: 1.2;\\\"><span style=\\\"font-size: 15px; letter-spacing: 0em;\\\"><strong>Empf\u00e4nger<\/strong><\/span><br \/><span style=\\\"font-size: 15px; letter-spacing: 0em;\\\">Ein Empf\u00e4nger ist eine nat\u00fcrliche oder juristische Person, Beh\u00f6rde, Einrichtung oder andere Stelle, der personenbezogene Daten offengelegt werden, unabh\u00e4ngig davon, ob es sich bei ihr um einen Dritten handelt oder nicht. Beh\u00f6rden, die im Rahmen eines bestimmten Untersuchungsauftrags nach dem Unionsrecht oder dem Recht der Mitgliedstaaten m\u00f6glicherweise personenbezogene Daten erhalten, gelten jedoch nicht als Empf\u00e4nger.<\/span><\/p><p style=\\\"line-height: 1.2;\\\"><span style=\\\"font-size: 15px; letter-spacing: 0em;\\\"><strong>Dritter<\/strong><\/span><br \/><span style=\\\"font-size: 15px; letter-spacing: 0em;\\\">Mit dem Begriff Dritter ist eine nat\u00fcrliche oder juristische Person, Beh\u00f6rde, Einrichtung oder andere Stelle au\u00dfer der betroffenen Person, dem Verantwortlichen, dem Auftragsverarbeiter und den Personen, die unter der unmittelbaren Verantwortung des Verantwortlichen oder des Auftragsverarbeiters befugt sind, die personenbezogenen Daten zu verarbeiten.<\/span><\/p><p style=\\\"line-height: 1.2;\\\"><span style=\\\"font-size: 15px; letter-spacing: 0em;\\\"><strong>Einwilligung<\/strong><\/span><br \/><span style=\\\"font-size: 15px; letter-spacing: 0em;\\\">Eine Einwilligung ist jede von der betroffenen Person freiwillig f\u00fcr den bestimmten Fall in informierter Weise und unmissverst\u00e4ndlich abgegebene Willensbekundung in Form einer Erkl\u00e4rung oder einer sonstigen eindeutigen best\u00e4tigenden Handlung, mit der die betroffene Person zu verstehen gibt, dass sie mit der Verarbeitung der sie betreffenden personenbezogenen Daten einverstanden ist.<\/span><\/p>\",\r\n      \"align\": \"bottom\",\r\n      \"row\": 5,\r\n      \"col\": 1,\r\n      \"colspan\": 6,\r\n      \"offsetx\": 0,\r\n      \"offsety\": 0,\r\n      \"spaceabove\": 0,\r\n      \"spacebelow\": 0,\r\n      \"yvel\": 0,\r\n      \"push\": 1\r\n    },\r\n    {\r\n      \"type\": \"text\",\r\n      \"cont\": \"<h1 class=\\\"_headline\\\" style=\\\"line-height: 1.2;\\\"><span style=\\\"font-size: 20px;\\\">Arten der verarbeiteten Daten<\/span><\/h1><ul><li style=\\\"line-height: 1.5;\\\">Bestandsdaten (z.B., Namen, Adressen).<\/li><li style=\\\"line-height: 1.5;\\\">Kontaktdaten (z.B., E-Mail, Telefonnummern).<\/li><li style=\\\"line-height: 1.5;\\\">Inhaltsdaten (z.B., Texteingaben, Fotografien, Videos).<\/li><li style=\\\"line-height: 1.5;\\\">Nutzungsdaten (z.B., besuchte Webseiten, Interesse an Inhalten, Zugriffszeiten).<\/li><li style=\\\"line-height: 1.5;\\\">Meta-\/Kommunikationsdaten (z.B., Ger\u00e4te-Informationen, IP-Adressen, Webbrowser und Webbrowser-Version, Betriebssystem, der Domainname Deines Internet-Providers und die sogenannte Referrer-URL [jene Seite, von der aus Du auf mein Angebot zugegriffen hast]).<\/li><\/ul><h1 class=\\\"_headline\\\" style=\\\"line-height: 1.2;\\\"><span style=\\\"font-size: 20px;\\\">Zweck der verarbeiteten Daten<\/span><\/h1><ul><li style=\\\"line-height: 1.5;\\\">Ich verwende diese anonymen Informationen haupts\u00e4chlich f\u00fcr statistische Zwecke. Sie helfen mir bei der Optimierung meines Angebots.<\/li><li style=\\\"line-height: 1.5;\\\">Ich behalte mir zudem das Recht vor, die Log-Files bei Verdacht auf eine rechtswidrige Nutzung meines Angebotes nachtr\u00e4glich zu kontrollieren.<\/li><\/ul>\",\r\n      \"align\": \"bottom\",\r\n      \"row\": 6,\r\n      \"col\": 1,\r\n      \"colspan\": 6,\r\n      \"offsetx\": 0,\r\n      \"offsety\": 0,\r\n      \"spaceabove\": 0,\r\n      \"spacebelow\": 0,\r\n      \"yvel\": 0,\r\n      \"push\": 1\r\n    },\r\n    {\r\n      \"type\": \"text\",\r\n      \"cont\": \"<h1 class=\\\"_headline\\\"><span style=\\\"font-size: 20px;\\\">Kontaktm\u00f6glichkeiten<\/span><\/h1><p style=\\\"line-height: 1.2;\\\"><span style=\\\"font-size: 15px; letter-spacing: 0em;\\\">Meine Internetseite enth\u00e4lt aufgrund von gesetzlichen Vorschriften Angaben, die eine schnelle elektronische Kontaktaufnahme sowie eine unmittelbare Kommunikation mit mir erm\u00f6glichen. Wenn du mir per Kontaktformular eine Anfrage zukommen l\u00e4sst, werden deine Angaben aus dem Anfrageformular inklusive der von dir angegebenen Kontaktdaten auf Basis von Art. 6 Abs. 1 lit. a DS-GVO zwecks Bearbeitung der Anfrage und f\u00fcr den Fall von Anschlussfragen bei mir gespeichert. Diese Daten gebe ich nicht ohne deine Einwilligung weiter. Gleiches gilt f\u00fcr eine Kontaktaufnahme per E-Mail.\u00a0<\/span><span style=\\\"font-size: 15px; letter-spacing: 0em;\\\">Die Verarbeitung der in das Kontaktformular eingegebenen Daten erfolgt somit ausschlie\u00dflich auf Grundlage Ihrer Einwilligung (Art. 6 Abs. 1 lit. a DSGVO). <\/span><\/p><p style=\\\"line-height: 1.2;\\\"><span style=\\\"font-size: 15px; letter-spacing: 0em;\\\">Du kannst diese Einwilligung jederzeit widerrufen. Dazu reicht eine formlose Mitteilung per E-Mail an: hello@meandsarah.net<br \/>Die Rechtm\u00e4\u00dfigkeit der bis zum Widerruf erfolgten Datenverarbeitungsvorg\u00e4nge bleibt vom Widerruf unber\u00fchrt.<br \/>Die von Dir im Kontaktformular eingegebenen Daten verbleiben bei uns, bis Sie uns zur L\u00f6schung auffordern, Deine Einwilligung zur Speicherung widerrufen oder der Zweck f\u00fcr die Datenspeicherung entf\u00e4llt (z.B. nach abgeschlossener Bearbeitung Ihrer Anfrage). Zwingende gesetzliche Bestimmungen \u2013 insbesondere Aufbewahrungsfristen \u2013 bleiben unber\u00fchrt.<\/span><\/p>\",\r\n      \"align\": \"bottom\",\r\n      \"row\": 7,\r\n      \"col\": 1,\r\n      \"colspan\": 6,\r\n      \"offsetx\": 0,\r\n      \"offsety\": 0,\r\n      \"spaceabove\": 0,\r\n      \"spacebelow\": 0,\r\n      \"yvel\": 0,\r\n      \"push\": 1\r\n    },\r\n    {\r\n      \"type\": \"text\",\r\n      \"cont\": \"<h1 class=\\\"_headline\\\"><span style=\\\"font-size: 20px;\\\">Hosting<\/span><\/h1><p style=\\\"line-height: 1.2;\\\"><span style=\\\"font-size: 15px; letter-spacing: 0em;\\\">Die von mir in Anspruch genommenen Hosting-Leistungen von ALL-INKL.COM \u2013 Neue Medien M\u00fcnnich, Inhaber: Ren\u00e9 M\u00fcnnich, Hauptstra\u00dfe 68, 02742 Friedersdorf, Deutschland, dienen der Zurverf\u00fcgungstellung der folgenden Leistungen: Infrastruktur- und Plattformdienstleistungen, Rechenkapazit\u00e4t, Speicherplatz und Datenbankdienste, Sicherheitsleistungen sowie technische Wartungsleistungen, die wir zum Zwecke des Betriebs dieses Onlineangebotes einsetzen.<br \/>Hierbei verarbeite ich bzw. mein Hostinganbieter Bestandsdaten, Kontaktdaten, Inhaltsdaten, Vertragsdaten, Nutzungsdaten, Meta- und Kommunikationsdaten von Kunden, Interessenten und Besuchern dieses Onlineangebotes auf Grundlage meines berechtigten Interesses an einer effizienten und sicheren Zuverf\u00fcgungstellung dieses Onlineangebotes gem. Art. 6 Abs. 1 lit. f DSGVO i.V.m. Art. 28 DSGVO (Abschluss Auftragsverarbeitungsvertrag).<\/span><\/p>\",\r\n      \"align\": \"bottom\",\r\n      \"row\": 8,\r\n      \"col\": 1,\r\n      \"colspan\": 6,\r\n      \"offsetx\": 0,\r\n      \"offsety\": 0,\r\n      \"spaceabove\": 0,\r\n      \"spacebelow\": 0,\r\n      \"yvel\": 0,\r\n      \"push\": 1\r\n    },\r\n    {\r\n      \"type\": \"text\",\r\n      \"cont\": \"<h1 class=\\\"_headline\\\"><span style=\\\"font-size: 20px;\\\">Cookies<\/span><\/h1><p style=\\\"line-height: 1.2;\\\"><span style=\\\"font-size: 15px; letter-spacing: 0em;\\\">Meine Internetseite verwendet teilweise so genannte Cookies. Cookies richten auf\u00a0deinem Rechner keinen Schaden an und enthalten keine Viren. Cookies dienen dazu, mein Angebot\u00a0nutzerfreundlicher, effektiver und sicherer zu machen. Cookies sind kleine Textdateien, die auf deinem Rechner abgelegt werden und die dein Browser speichert.<\/span><\/p><p style=\\\"line-height: 1.2;\\\"><span style=\\\"font-size: 15px; letter-spacing: 0em;\\\">Die meisten der verwendeten\u00a0Cookies sind so genannte \u201eSession-Cookies\u201c. Sie werden nach Ende deines Besuchs automatisch\u00a0gel\u00f6scht. Andere Cookies bleiben auf deinem Endger\u00e4t gespeichert, bis du diese l\u00f6schst.\u00a0Diese Cookies erm\u00f6glichen es mir, deinen Browser beim n\u00e4chsten Besuch\u00a0wieder zu erkennen. Die Datenerhebung per Cookies erfolgt\u00a0auf Basis von\u00a0Art. 6 Abs. 1 lit. f DS-GVO.<\/span><\/p><p style=\\\"line-height: 1.2;\\\"><span style=\\\"font-size: 15px; letter-spacing: 0em;\\\">Du kannst deinen Browser so einstellen, dass du \u00fcber das Setzen\u00a0von Cookies informiert wirst und Cookies nur im Einzelfall erlaubst, die Annahme von Cookies f\u00fcr\u00a0bestimmte F\u00e4lle oder generell ausschlie\u00dfen sowie das automatische L\u00f6schen der\u00a0Cookies beim Schlie\u00dfen des Browser aktivieren. Bei der Deaktivierung von Cookies kann die\u00a0Funktionalit\u00e4t dieser Website eingeschr\u00e4nkt sein.<\/span><\/p>\",\r\n      \"align\": \"bottom\",\r\n      \"row\": 9,\r\n      \"col\": 1,\r\n      \"colspan\": 6,\r\n      \"offsetx\": 0,\r\n      \"offsety\": 0,\r\n      \"spaceabove\": 0,\r\n      \"spacebelow\": 0,\r\n      \"yvel\": 0,\r\n      \"push\": 1\r\n    },\r\n    {\r\n      \"type\": \"shortcode\",\r\n      \"cont\": \"[cookie-control]\",\r\n      \"align\": \"middle\",\r\n      \"row\": 9,\r\n      \"col\": 8,\r\n      \"colspan\": 2,\r\n      \"shortcodeid\": 1527199127164,\r\n      \"offsetx\": 0,\r\n      \"offsety\": 0,\r\n      \"spaceabove\": 0,\r\n      \"spacebelow\": 0,\r\n      \"yvel\": 0,\r\n      \"push\": 1\r\n    },\r\n    {\r\n      \"type\": \"text\",\r\n      \"cont\": \"<h1 class=\\\"_headline\\\"><span style=\\\"font-size: 20px;\\\">Erfassung von allgemeinen Daten und Informationen<\/span><\/h1><p style=\\\"line-height: 1.2;\\\"><span style=\\\"font-size: 15px; letter-spacing: 0em;\\\">Meine Internetseite erfasst mit jedem Aufruf durch eine betroffene Person oder ein automatisiertes System eine Reihe von allgemeinen Daten und Informationen. Diese allgemeinen Daten und Informationen werden in den Logfiles des Servers gespeichert. Erfasst werden k\u00f6nnen die verwendeten Browsertypen und Versionen, das vom zugreifenden System verwendete Betriebssystem, die Internetseite, von welcher ein zugreifendes System auf meine Internetseite gelangt (sogenannte Referrer), die Unterwebseiten, welche \u00fcber ein zugreifendes System auf meiner Internetseite angesteuert werden, das Datum und die Uhrzeit eines Zugriffs auf die Internetseite, eine Internet-Protokoll-Adresse (IP-Adresse), der Internet-Service-Provider des zugreifenden Systems und sonstige \u00e4hnliche Daten und Informationen, die der Gefahrenabwehr im Falle von Angriffen auf meine informationstechnologischen Systeme dienen.<\/span><\/p><p style=\\\"line-height: 1.2;\\\"><span style=\\\"font-size: 15px; letter-spacing: 0em;\\\">Bei der Nutzung dieser allgemeinen Daten und Informationen ziehe ich keine R\u00fcckschl\u00fcsse auf die betroffene Person. Diese Informationen werden vielmehr ben\u00f6tigt, um die Inhalte meiner Internetseite korrekt auszuliefern, sie zu optimieren, die dauerhafte Funktionsf\u00e4higkeit der informationstechnologischen Systeme und der Technik der Internetseite zu gew\u00e4hrleisten sowie um Strafverfolgungsbeh\u00f6rden im Falle eines Cyberangriffes die zur Strafverfolgung notwendigen Informationen bereitzustellen. Diese anonym erhobenen Daten und Informationen werden daher einerseits statistisch und ferner mit dem Ziel ausgewertet, den Datenschutz und die Datensicherheit in meinem Unternehmen zu erh\u00f6hen, um letztlich ein optimales Schutzniveau f\u00fcr die von mir verarbeiteten personenbezogenen Daten sicherzustellen. Die anonymen Daten der Server-Logfiles werden getrennt von allen durch eine betroffene Person angegebenen personenbezogenen Daten gespeichert.<\/span><\/p>\",\r\n      \"align\": \"bottom\",\r\n      \"row\": 10,\r\n      \"col\": 1,\r\n      \"colspan\": 6,\r\n      \"offsetx\": 0,\r\n      \"offsety\": 0,\r\n      \"spaceabove\": 0,\r\n      \"spacebelow\": 0,\r\n      \"yvel\": 0,\r\n      \"push\": 1\r\n    },\r\n    {\r\n      \"type\": \"text\",\r\n      \"cont\": \"<h1 class=\\\"_headline\\\"><span style=\\\"font-size: 20px;\\\">SSL-Verschl\u00fcsselung<\/span><\/h1><p style=\\\"line-height: 1.2;\\\"><span style=\\\"font-size: 15px; letter-spacing: 0em;\\\">Aus Gr\u00fcnden der Sicherheit und zum Schutz der \u00dcbertragung vertraulicher Inhalte, wie zum Beispiel der Anfragen, die du an mich als Seitenbetreiber sendest, nutzt diese Seite eine SSL-Verschl\u00fcsselung. Eine verschl\u00fcsselte Verbindung ist daran zu erkennen, dass die Adresszeile des Browsers von \u201ehttp:\/\/\u201c auf \u201ehttps:\/\/\u201c wechselt \u2013 sowie an dem Schloss-Symbol in deinem Browserzeile.<\/span><\/p><p style=\\\"line-height: 1.2;\\\"><span style=\\\"font-size: 15px; letter-spacing: 0em;\\\">Wenn die SSL-Verschl\u00fcsselung aktiviert ist, k\u00f6nnen die Daten, die du an mich \u00fcbermittelst, nicht von Dritten mitgelesen werden.<\/span><\/p>\",\r\n      \"align\": \"bottom\",\r\n      \"row\": 11,\r\n      \"col\": 1,\r\n      \"colspan\": 6,\r\n      \"offsetx\": 0,\r\n      \"offsety\": 0,\r\n      \"spaceabove\": 0,\r\n      \"spacebelow\": 0,\r\n      \"yvel\": 0,\r\n      \"push\": 1\r\n    },\r\n    {\r\n      \"type\": \"text\",\r\n      \"cont\": \"<h1 class=\\\"_headline\\\"><span style=\\\"font-size: 20px;\\\">Einbindung von Diensten und Inhalten Dritter<\/span><\/h1><p style=\\\"line-height: 1.2;\\\"><span style=\\\"font-size: 15px; letter-spacing: 0em;\\\">Mein Angebot enth\u00e4lt Links zu externen Webseiten Dritter, auf deren Inhalte ich keinen Einfluss habe. Deshalb kann ich f\u00fcr diese fremden Inhalte auch keine Gew\u00e4hr \u00fcbernehmen. F\u00fcr die Inhalte der verlinkten Seiten ist stets der jeweilige Anbieter oder Betreiber der Seiten verantwortlich. Die verlinkten Seiten wurden zum Zeitpunkt der Verlinkung auf m\u00f6gliche Rechtsverst\u00f6\u00dfe \u00fcberpr\u00fcft. Rechtswidrige Inhalte waren zum Zeitpunkt der Verlinkung nicht erkennbar. Eine permanente inhaltliche Kontrolle der verlinkten Seiten ist jedoch ohne konkrete Anhaltspunkte einer Rechtsverletzung nicht zumutbar. Bei bekannt werden von Rechtsverletzungen werde ich derartige Links umgehend entfernen<\/span><\/p><p>Desweiteren umfasst mein Angebot mitunter Inhalte, Dienste und Leistungen anderer Anbieter. Das sind zum Beispiel Karten, die von Google-Maps zur Verf\u00fcgung gestellt werden, Videos von YouTube sowie Grafiken und Bilder anderer Webseiten. Damit diese Daten im Browser des Nutzers aufgerufen und dargestellt werden k\u00f6nnen, ist die \u00dcbermittlung der IP-Adresse zwingend notwendig. Die Anbieter (im Folgenden als \u201eDritt-Anbieter\u201c bezeichnet) nehmen also die IP-Adresse des jeweiligen Nutzers wahr.<\/p><p>Sofern ich im Rahmen meiner Verarbeitung Daten gegen\u00fcber anderen Personen und Unternehmen (Auftragsverarbeitern oder Dritten) offenbare, sie an diese \u00fcbermittele oder ihnen sonst Zugriff auf die Daten gew\u00e4hre, erfolgt dies nur auf Grundlage einer gesetzlichen Erlaubnis (z.B. wenn eine \u00dcbermittlung der Daten an Dritte, wie an Zahlungsdienstleister, gem. Art. 6 Abs. 1 lit. b DSGVO zur Vertragserf\u00fcllung erforderlich ist), Sie eingewilligt haben, eine rechtliche Verpflichtung dies vorsieht oder auf Grundlage meiner berechtigten Interessen (z.B. beim Einsatz von Beauftragten, Webhostern, etc.).<br \/>Sofern ich Dritte mit der Verarbeitung von Daten auf Grundlage eines sog. \u201eAuftragsverarbeitungsvertrages\u201c beauftrage, geschieht dies auf Grundlage des Art. 28 DSGVO.<\/p><h1 class=\\\"_headline\\\"><span style=\\\"font-size: 20px;\\\">\u00dcbermittlungen in Drittl\u00e4nder<\/span><\/h1><p>Sofern ich Daten in einem Drittland (d.h. au\u00dferhalb der Europ\u00e4ischen Union (EU) oder des Europ\u00e4ischen Wirtschaftsraums (EWR)) verarbeite oder dies im Rahmen der Inanspruchnahme von Diensten Dritter oder Offenlegung, bzw. \u00dcbermittlung von Daten an Dritte geschieht, erfolgt dies nur, wenn es zur Erf\u00fcllung meiner (vor)vertraglichen Pflichten, auf Grundlage Ihrer Einwilligung, aufgrund einer rechtlichen Verpflichtung oder auf Grundlage meiner berechtigten Interessen geschieht. Vorbehaltlich gesetzlicher oder vertraglicher Erlaubnisse, verarbeite oder lasse ich die Daten in einem Drittland nur beim Vorliegen der besonderen Voraussetzungen der Art. 44 ff. DSGVO verarbeiten. D.h. die Verarbeitung erfolgt z.B. auf Grundlage besonderer Garantien, wie der offiziell anerkannten Feststellung eines der EU entsprechenden Datenschutzniveaus (z.B. f\u00fcr die USA durch das \u201ePrivacy Shield\u201c) oder Beachtung offiziell anerkannter spezieller vertraglicher Verpflichtungen (so genannte \u201eStandardvertragsklauseln\u201c).<\/p>\",\r\n      \"align\": \"bottom\",\r\n      \"row\": 12,\r\n      \"col\": 1,\r\n      \"colspan\": 6,\r\n      \"offsetx\": 0,\r\n      \"offsety\": 0,\r\n      \"spaceabove\": 0,\r\n      \"spacebelow\": 0,\r\n      \"yvel\": 0,\r\n      \"push\": 1\r\n    },\r\n    {\r\n      \"type\": \"text\",\r\n      \"cont\": \"<h1 class=\\\"_headline\\\"><span style=\\\"font-size: 20px;\\\">Akismet Anti-Spam-Pr\u00fcfung<\/span><\/h1><p>Mein Onlineangebot nutzt den Dienst \u201eAkismet\u201c, der von der Automattic Inc., 60 29th Street #343, San Francisco, CA 94110, USA, angeboten wird. Die Nutzung erfolgt auf Grundlage meiner berechtigten Interessen im Sinne des Art. 6 Abs. 1 lit. f) DSGVO. Mit Hilfe dieses Dienstes werden Kommentare echter Menschen von Spam-Kommentaren unterschieden. Dazu werden alle Kommentarangaben an einen Server in den USA verschickt, wo sie analysiert und f\u00fcr Vergleichszwecke vier Tage lang gespeichert werden. Ist ein Kommentar als Spam eingestuft worden, werden die Daten \u00fcber diese Zeit hinaus gespeichert. Zu diesen Angaben geh\u00f6ren der eingegebene Name, die Emailadresse, die IP-Adresse, der Kommentarinhalt, der Referrer, Angaben zum verwendeten Browser sowie dem Computersystem und die Zeit des Eintrags.<br \/>N\u00e4here Informationen zur Erhebung und Nutzung der Daten durch Akismet finden sich in den Datenschutzhinweisen von Automattic: <a href=\\\"https:\/\/automattic.com\/privacy\/\\\" target=\\\"_blank\\\" rel=\\\"noopener\\\">https:\/\/automattic.com\/privacy\/<\/a>.<\/p>\",\r\n      \"align\": \"bottom\",\r\n      \"row\": 13,\r\n      \"col\": 1,\r\n      \"colspan\": 6,\r\n      \"offsetx\": 0,\r\n      \"offsety\": 0,\r\n      \"spaceabove\": 0,\r\n      \"spacebelow\": 0,\r\n      \"yvel\": 0,\r\n      \"push\": 1\r\n    },\r\n    {\r\n      \"type\": \"text\",\r\n      \"cont\": \"<h1 class=\\\"_headline\\\"><span style=\\\"font-size: 20px;\\\">Social Plugins<\/span><\/h1><p>Ich setze innerhalb unseres Onlineangebotes auf Grundlage meiner berechtigten Interessen (d.h. Interesse an der Analyse, Optimierung und wirtschaftlichem Betrieb unseres Onlineangebotes im Sinne des Art. 6 Abs. 1 lit. f. DSGVO) Inhalts- oder Serviceangebote von Drittanbietern ein, um deren Inhalte und Services, wie z.B. Videos oder Schriftarten einzubinden (nachfolgend einheitlich bezeichnet als \u201cInhalte\u201d).<\/p><p><strong>Xing<\/strong><\/p><p>Innerhalb unseres Onlineangebotes k\u00f6nnen Funktionen und Inhalte des Dienstes Xing, angeboten durch XING SE, Dammtorstra\u00dfe 30, 20354 Hamburg, Deutschland, eingebunden werden. Sofern die Nutzer Mitglieder der Plattform Xing sind, kann Xing einen Klick auf die entsprechende Verlinkung den dortigen Profilen der Nutzer zuordnen. Datenschutzerkl\u00e4rung von Xing: <a href=\\\"https:\/\/privacy.xing.com\/de\/datenschutzerklaerung\\\" target=\\\"_blank\\\" rel=\\\"noopener\\\">https:\/\/privacy.xing.com\/de\/datenschutzerklaerung<\/a><\/p><p><strong>Instagram<\/strong><\/p><p style=\\\"line-height: 1.2;\\\"><span style=\\\"font-size: 15px; letter-spacing: 0em;\\\">Auch Komponenten des Dienstes Instagram sind auf meiner Internetseite integriert. Instagram ist ein Dienst, der als audiovisuelle Plattform zu qualifizieren ist und den Nutzern das Teilen von Fotos und Videos und zudem eine Weiterverbreitung solcher Daten in anderen sozialen Netzwerken erm\u00f6glicht.<\/span><\/p><p style=\\\"line-height: 1.2;\\\"><span style=\\\"font-size: 15px; letter-spacing: 0em;\\\">Betreibergesellschaft der Dienste von Instagram ist die Instagram LLC, 1 Hacker Way, Building 14 First Floor, Menlo Park, CA, USA.<\/span><\/p><p style=\\\"line-height: 1.2;\\\"><span style=\\\"font-size: 15px; letter-spacing: 0em;\\\">Sofern du gleichzeitig bei Instagram eingeloggt bist, erkennt Instagram mit jedem Aufruf meiner Internetseite und w\u00e4hrend der gesamten Dauer des jeweiligen Aufenthaltes, welche konkrete Unterseite du besuchst. Diese Informationen werden durch die Instagram-Komponente gesammelt und durch Instagram dem jeweiligen Instagram-Account zugeordnet. Bet\u00e4tigst du den integrierten Instagram-Button, werden die damit \u00fcbertragenen Daten und Informationen deinem pers\u00f6nlichen Instagram-Benutzerkonto \u00a0zugeordnet und von Instagram gespeichert und verarbeitet.<\/span><\/p><p style=\\\"line-height: 1.2;\\\"><span style=\\\"font-size: 15px; letter-spacing: 0em;\\\">Instagram erh\u00e4lt \u00fcber die Instagram-Komponente immer dann eine Information dar\u00fcber, dass du meine Internetseite besucht hast, wenn du zum jeweiligen Zeitpunkt gleichzeitig bei Instagram eingeloggt bist; dies findet unabh\u00e4ngig davon statt, ob du die Instagram-Komponente anklickst oder nicht. Ist eine derartige \u00dcbermittlung dieser Informationen an Instagram nicht gewollt, kannst du sie dadurch verhindern, dass du dich vor einem Besuch meiner Internetseite aus deinem Instagram-Account ausloggst.<\/span><\/p><p style=\\\"line-height: 1.2;\\\"><span style=\\\"font-size: 15px; letter-spacing: 0em;\\\">Weitere Informationen und die geltenden Datenschutzbestimmungen von Instagram k\u00f6nnen unter\u00a0<a href=\\\"https:\/\/help.instagram.com\/155833707900388\\\" rel=\\\"nofollow\\\">https:\/\/help.instagram.com\/155833707900388<\/a>\u00a0und\u00a0<a href=\\\"https:\/\/www.instagram.com\/about\/legal\/privacy\/\\\" rel=\\\"nofollow\\\">https:\/\/www.instagram.com\/about\/legal\/privacy\/<\/a>\u00a0abgerufen werden.<\/span><\/p><p><strong>Pinterest<\/strong><\/p><p>Innerhalb meines Onlineangebotes k\u00f6nnen Funktionen und Inhalte des Dienstes Pinterest, angeboten durch die Pinterest Inc., 635 High Street, Palo Alto, CA, 94301, USA, eingebunden werden. Hierzu k\u00f6nnen z.B. Inhalte wie Bilder, Videos oder Texte und Schaltfl\u00e4chen geh\u00f6ren, mit denen Nutzer ihr Gefallen betreffend die Inhalte kundtun, den Verfassern der Inhalte oder meiner Beitr\u00e4ge abonnieren k\u00f6nnen. Sofern die Nutzer Mitglieder der Plattform Pinterest sind, kann Pinterest den Aufruf der o.g. Inhalte und Funktionen den dortigen Profilen der Nutzer zuordnen. Datenschutzerkl\u00e4rung von Pinterest: <a href=\\\"https:\/\/about.pinterest.com\/de\/privacy-policy\\\" target=\\\"_blank\\\" rel=\\\"noopener\\\">https:\/\/about.pinterest.com\/de\/privacy-policy<\/a>.<\/p><p><strong>Onlinepr\u00e4senzen in sozialen Medien<\/strong><\/p><p>Ich unterhalte Onlinepr\u00e4senzen innerhalb sozialer Netzwerke und Plattformen, um mit den dort aktiven Kunden, Interessenten und Nutzern kommunizieren und sie dort \u00fcber meine Leistungen informieren zu k\u00f6nnen. Beim Aufruf der jeweiligen Netzwerke und Plattformen gelten die Gesch\u00e4ftsbedingungen und die Datenverarbeitungsrichtlinien deren jeweiligen Betreiber.<\/p><p><strong>Facebook<\/strong><\/p><p>Auf meiner Internetseite habe ich Komponenten des Unternehmens Facebook integriert. Facebook ist ein soziales Netzwerk.<\/p><p>Ein soziales Netzwerk ist ein im Internet betriebener sozialer Treffpunkt, eine Online-Gemeinschaft, die es den Nutzern in der Regel erm\u00f6glicht, untereinander zu kommunizieren und im virtuellen Raum zu interagieren. Ein soziales Netzwerk kann als Plattform zum Austausch von Meinungen und Erfahrungen dienen oder erm\u00f6glicht es der Internetgemeinschaft, pers\u00f6nliche oder unternehmensbezogene Informationen bereitzustellen. Facebook erm\u00f6glicht den Nutzern des sozialen Netzwerkes unter anderem die Erstellung von privaten Profilen, den Upload von Fotos und eine Vernetzung \u00fcber Freundschaftsanfragen.<\/p><p>Betreibergesellschaft von Facebook ist die Facebook, Inc., 1 Hacker Way, Menlo Park, CA 94025, USA. F\u00fcr die Verarbeitung personenbezogener Daten Verantwortlicher ist, wenn eine betroffene Person au\u00dferhalb der USA oder Kanada lebt, die Facebook Ireland Ltd., 4 Grand Canal Square, Grand Canal Harbour, Dublin 2, Ireland.<\/p><p>Durch jeden Aufruf einer der Einzelseiten dieser Internetseite, auf welcher eine Facebook-Komponente (Facebook-Plug-In) integriert wurde, wird der Internetbrowser auf dem informationstechnologischen System der betroffenen Person automatisch durch die jeweilige Facebook-Komponente veranlasst, eine Darstellung der entsprechenden Facebook-Komponente von Facebook herunterzuladen. Eine Gesamt\u00fcbersicht \u00fcber alle Facebook-Plug-Ins kann unter <a href=\\\"https:\/\/developers.facebook.com\/docs\/plugins\/?locale=de_DE\\\" target=\\\"_blank\\\" rel=\\\"noopener\\\">https:\/\/developers.facebook.com\/docs\/plugins\/?locale=de_DE<\/a> abgerufen werden.<\/p><p>Sofern du gleichzeitig bei Facebook eingeloggt ist, erkennt Facebook mit jedem Aufruf meiner Internetseite und w\u00e4hrend der gesamten Dauer des jeweiligen Aufenthaltes, welche konkrete Unterseite du besuchst. Diese Informationen werden durch die Facebook-Komponente gesammelt und durch Facebook dem jeweiligen Facebook-Account zugeordnet.<\/p><p>Facebook erh\u00e4lt \u00fcber die Facebook-Komponente immer dann eine Information dar\u00fcber, dass du meine Internetseite besucht hast, wenn du zum Zeitpunkt des Aufrufs meiner Internetseite gleichzeitig bei Facebook eingeloggt bist; dies findet unabh\u00e4ngig davon statt, ob du die Facebook-Komponente anklickst oder nicht. Ist eine derartige \u00dcbermittlung dieser Informationen an Facebook von dir nicht gewollt, kann diese die \u00dcbermittlung dadurch verhindern, dass du dich vor dem Besuch meiner Internetseite aus deinem Facebook-Account ausloggst.<\/p><p>Die von Facebook ver\u00f6ffentlichte Datenrichtlinie, die unter <a href=\\\"https:\/\/de-de.facebook.com\/about\/privacy\/\\\" target=\\\"_blank\\\" rel=\\\"noopener\\\">https:\/\/de-de.facebook.com\/about\/privacy\/<\/a> abrufbar ist, gibt Aufschluss \u00fcber die Erhebung, Verarbeitung und Nutzung personenbezogener Daten durch Facebook. Ferner wird dort erl\u00e4utert, welche Einstellungsm\u00f6glichkeiten Facebook zum Schutz der Privatsph\u00e4re der betroffenen Person bietet. Zudem sind unterschiedliche Applikationen erh\u00e4ltlich, die es erm\u00f6glichen, eine Daten\u00fcbermittlung an Facebook zu unterdr\u00fccken. Solche Applikationen k\u00f6nnen genutzt werden, um eine Daten\u00fcbermittlung an Facebook zu unterdr\u00fccken.<\/p>\",\r\n      \"align\": \"bottom\",\r\n      \"row\": 14,\r\n      \"col\": 1,\r\n      \"colspan\": 6,\r\n      \"offsetx\": 0,\r\n      \"offsety\": 0,\r\n      \"spaceabove\": 0,\r\n      \"spacebelow\": 0,\r\n      \"yvel\": 0,\r\n      \"push\": 1\r\n    },\r\n    {\r\n      \"type\": \"text\",\r\n      \"cont\": \"<h1 class=\\\"_headline\\\">Widerrufsrecht & Widerspruchsrecht<\/h1><p>Sie haben das Recht, erteilte Einwilligungen gem. Art. 7 Abs. 3 DSGVO mit Wirkung f\u00fcr die Zukunft zu widerrufen.<\/p><p>Sie k\u00f6nnen der k\u00fcnftigen Verarbeitung der Sie betreffenden Daten nach Ma\u00dfgabe des Art. 21 DSGVO jederzeit widersprechen. Der Widerspruch kann insbesondere gegen die Verarbeitung f\u00fcr Zwecke der Direktwerbung erfolgen.<\/p><h1 class=\\\"_headline\\\">L\u00f6schung von Daten<\/h1><p>Die von mir verarbeiteten Daten werden nach Ma\u00dfgabe der Art. 17 und 18 DSGVO gel\u00f6scht oder in ihrer Verarbeitung eingeschr\u00e4nkt. Sofern nicht im Rahmen dieser Datenschutzerkl\u00e4rung ausdr\u00fccklich angegeben, werden die bei mir gespeicherten Daten gel\u00f6scht, sobald sie f\u00fcr ihre Zweckbestimmung nicht mehr erforderlich sind und der L\u00f6schung keine gesetzlichen Aufbewahrungspflichten entgegenstehen. Sofern die Daten nicht gel\u00f6scht werden, weil sie f\u00fcr andere und gesetzlich zul\u00e4ssige Zwecke erforderlich sind, wird deren Verarbeitung eingeschr\u00e4nkt. D.h. die Daten werden gesperrt und nicht f\u00fcr andere Zwecke verarbeitet. Das gilt z.B. f\u00fcr Daten, die aus handels- oder steuerrechtlichen Gr\u00fcnden aufbewahrt werden m\u00fcssen.<\/p><h1 class=\\\"_headline\\\">\u00c4nderung der Datenschutzerkl\u00e4rung<\/h1><p>Um zu gew\u00e4hrleisten, dass meine Datenschutzerkl\u00e4rung stets den aktuellen gesetzlichen Vorgaben entspricht, behalte ich mir jederzeit \u00c4nderungen vor. Das gilt auch f\u00fcr den Fall, dass die Datenschutzerkl\u00e4rung aufgrund neuer oder \u00fcberarbeiteter Leistungen, zum Beispiel neuer Serviceleistungen, angepasst werden muss. Die neue Datenschutzerkl\u00e4rung greift dann bei Ihrem n\u00e4chsten Besuch.<\/p>\",\r\n      \"align\": \"bottom\",\r\n      \"row\": 15,\r\n      \"col\": 1,\r\n      \"colspan\": 6,\r\n      \"offsetx\": 0,\r\n      \"offsety\": 0,\r\n      \"spaceabove\": 0,\r\n      \"spacebelow\": 0,\r\n      \"yvel\": 0,\r\n      \"push\": 1\r\n    }\r\n  ]\r\n}","phonegrid":"","_links":{"self":[{"href":"https:\/\/meandsarah.net\/wordpress\/wp-json\/wp\/v2\/pages\/126","targetHints":{"allow":["GET"]}}],"collection":[{"href":"https:\/\/meandsarah.net\/wordpress\/wp-json\/wp\/v2\/pages"}],"about":[{"href":"https:\/\/meandsarah.net\/wordpress\/wp-json\/wp\/v2\/types\/page"}],"author":[{"embeddable":true,"href":"https:\/\/meandsarah.net\/wordpress\/wp-json\/wp\/v2\/users\/1"}],"replies":[{"embeddable":true,"href":"https:\/\/meandsarah.net\/wordpress\/wp-json\/wp\/v2\/comments?post=126"}],"version-history":[{"count":0,"href":"https:\/\/meandsarah.net\/wordpress\/wp-json\/wp\/v2\/pages\/126\/revisions"}],"wp:attachment":[{"href":"https:\/\/meandsarah.net\/wordpress\/wp-json\/wp\/v2\/media?parent=126"}],"curies":[{"name":"wp","href":"https:\/\/api.w.org\/{rel}","templated":true}]}}